{"id":1184,"date":"2020-09-01T16:01:19","date_gmt":"2020-09-01T19:01:19","guid":{"rendered":"https:\/\/www.wald.com.br\/?page_id=1184"},"modified":"2023-12-15T18:30:37","modified_gmt":"2023-12-15T21:30:37","slug":"o-escritorio","status":"publish","type":"page","link":"https:\/\/www.wald.com.br\/en\/o-escritorio\/","title":{"rendered":"The firm"},"content":{"rendered":"<p><\/p>\n<blockquote class=\"wow fadeInDown\" data-wow-delay=\"0.9s\" data-wow-duration=\"2.0s\">\n<p><em><span style=\"font-size: 20px;\">We are at the forefront among highly specialized Brazilian law firms dedicated to developing tailored solutions to matters of the highest complexity and relevance. Our role in the resolution of high-profile disputes is widely recognized, supported by a long line of wins in favor of our clients and our country.<\/span><\/em><\/p>\n<\/blockquote>\n<p data-wow-delay=\"0.5s\" data-wow-duration=\"1.0s\">\u00a0<\/p>\n<h1 class=\"wow slideInLeft\" data-wow-duration=\"1.0s\">70 years of leading law practice<\/h1>\n<p>&nbsp;<\/p>\n<p class=\"wow fadeInDown\" data-wow-delay=\"0.5s\" data-wow-duration=\"1.0s\"><span style=\"font-family: georgia, palatino, serif; font-size: 20px;\">Conceiving the thesis of <span style=\"color: #003077;\"><strong>inflation adjustment<\/strong><\/span><\/span><\/p>\n<hr \/>\n<p class=\"wow fadeInDown\" data-wow-delay=\"0.5s\" data-wow-duration=\"1.0s\"><span style=\"font-family: georgia, palatino, serif; font-size: 20px;\">Obtainment of the <span style=\"color: #003077;\"><strong>first habeas corpus<\/strong><\/span> during the Brazilian military dictatorship <\/span><\/p>\n<hr \/>\n<p class=\"wow fadeInDown\" data-wow-delay=\"0.5s\" data-wow-duration=\"1.0s\"><span style=\"font-family: georgia, palatino, serif; font-size: 20px;\">Representing the banking sector in regard to the <span style=\"color: #003077;\"><strong>Cruzado, Bresser and Ver\u00e3o economic plans<\/strong><\/span><\/span><\/p>\n<hr \/>\n<p class=\"wow fadeInDown\" data-wow-delay=\"0.5s\" data-wow-duration=\"1.0s\"><span style=\"font-family: georgia, palatino, serif; font-size: 20px;\">Defense of the <strong><span style=\"color: #003077;\">constitutionality of the Real <\/span><\/strong>economic plan<\/span><\/p>\n<hr \/>\n<p class=\"wow fadeInDown\" data-wow-delay=\"0.5s\" data-wow-duration=\"1.0s\"><span style=\"font-family: georgia, palatino, serif; font-size: 20px;\">Participation in the litigation resulting from the <span style=\"color: #003077;\"><strong>restructuring of the Brazilian foreign debt<\/strong><\/span><\/span><\/p>\n<hr \/>\n<p data-wow-delay=\"0.5s\" data-wow-duration=\"1.0s\">\u00a0<\/p>\n<h1 class=\"wow slideInLeft\" data-wow-duration=\"1.0s\">Highly complex and relevant cases<\/h1>\n<p data-wow-delay=\"0.5s\" data-wow-duration=\"1.0s\">\u00a0<\/p>\n<p class=\"wow fadeInDown\" data-wow-delay=\"0.5s\" data-wow-duration=\"1.0s\"><span style=\"font-family: georgia, palatino, serif; font-size: 20px;\">Legal counsel in the <strong><span style=\"color: #003077;\">debt restructuring of large companies in several business areas<\/span><\/strong> such as pulp and telecom<\/span><\/p>\n<hr \/>\n<p class=\"wow fadeInDown\" data-wow-delay=\"0.5s\" data-wow-duration=\"1.0s\"><span style=\"font-family: georgia, palatino, serif; font-size: 20px;\">Formulating the argument for <strong><span style=\"color: #003077;\">economic and financial balance concerning concession agreements<\/span><\/strong><\/span><\/p>\n<hr \/>\n<p class=\"wow fadeInDown\" data-wow-delay=\"0.5s\" data-wow-duration=\"1.0s\"><span style=\"font-family: georgia, palatino, serif; font-size: 20px;\">Structuring of the legal framework for <strong><span style=\"color: #003077;\">privatization deals in several sectors<\/span><\/strong><\/span><\/p>\n<hr \/>\n<p class=\"wow fadeInDown\" data-wow-delay=\"0.5s\" data-wow-duration=\"1.0s\"><span style=\"font-family: georgia, palatino, serif; font-size: 20px;\">Legal counsel to buyers in the evaluation phase of <span style=\"color: #003077;\"><strong>privatization deals, as well as bidding procedures and in the litigation cases<\/strong><\/span> arising therefrom<\/span><\/p>\n<hr \/>\n<p class=\"wow fadeInDown\" data-wow-delay=\"0.5s\" data-wow-duration=\"1.0s\"><span style=\"font-family: georgia, palatino, serif; font-size: 20px;\">Legal counsel in <strong><span style=\"color: #003077;\">major corporate conflicts<\/span><\/strong> in Brazil<\/span><\/p>\n<hr \/>\n<p data-wow-delay=\"0.5s\" data-wow-duration=\"1.0s\">\u00a0<\/p>\n<h1 class=\"wow slideInLeft\" data-wow-duration=\"1.0s\">Major disputes and conflict resolution<\/h1>\n<p>&nbsp;<\/p>\n<p class=\"wow fadeInDown\" data-wow-delay=\"0.5s\" data-wow-duration=\"1.0s\"><span style=\"font-family: georgia, palatino, serif; font-size: 20px;\">Defense of the <strong><span style=\"color: #003077;\">constitutionality of arbitration<\/span><\/strong> in Brazil<\/span><\/p>\n<hr \/>\n<p class=\"wow fadeInDown\" data-wow-delay=\"0.5s\" data-wow-duration=\"1.0s\"><span style=\"font-family: georgia, palatino, serif; font-size: 20px;\">Defense of the use of <strong><span style=\"color: #003077;\">arbitration in contracts involving public entities<\/span><\/strong> in Brazil<\/span><\/p>\n<hr \/>\n<p class=\"wow fadeInDown\" data-wow-delay=\"0.5s\" data-wow-duration=\"1.0s\"><span style=\"font-family: georgia, palatino, serif; font-size: 20px;\">Legal counsel in the <strong><span style=\"color: #003077;\">first public arbitration<\/span><\/strong> in Brazil<\/span><\/p>\n<hr \/>\n<p class=\"wow fadeInDown\" data-wow-delay=\"0.5s\" data-wow-duration=\"1.0s\"><span style=\"font-family: georgia, palatino, serif; font-size: 20px;\">Representing <strong><span style=\"color: #003077;\">minority shareholders in relation to investee companies<\/span><\/strong> when acts of corruption are present<\/span><\/p>\n<hr \/>\n<p class=\"wow fadeInDown\" data-wow-delay=\"0.5s\" data-wow-duration=\"1.0s\"><span style=\"font-family: georgia, palatino, serif; font-size: 20px;\">Application of <strong><span style=\"color: #003077;\">alternative dispute resolution (ADR) methods in corporate recovery cases<\/span><\/strong><\/span><\/p>\n<hr \/>\n<p class=\"wow fadeInDown\" data-wow-delay=\"0.5s\" data-wow-duration=\"1.0s\"><span style=\"font-family: georgia, palatino, serif; font-size: 20px;\">Defense of the implementation of <strong><span style=\"color: #003077;\">class action arbitration<\/span><\/strong><\/span><\/p>\n<hr \/>\n<p class=\"wow fadeInDown\" data-wow-delay=\"0.5s\" data-wow-duration=\"1.0s\"><span style=\"font-family: georgia, palatino, serif; font-size: 20px;\">Conclusion of the <strong><span style=\"color: #003077;\">first agreement in a concentrated constitutional control suit<\/span><\/strong> before the Brazilian Supreme Court<\/span><\/p>\n<hr \/>\n<p><\/p>","protected":false},"excerpt":{"rendered":"<p>We are at the forefront among highly specialized Brazilian law firms dedicated to developing tailored solutions to matters of the highest complexity and relevance. Our role in the resolution of high-profile disputes is widely recognized, supported by a long line of wins in favor of our clients and our country. \u00a0 70 years of leading [&hellip;]<\/p>\n","protected":false},"author":1,"featured_media":0,"parent":0,"menu_order":0,"comment_status":"closed","ping_status":"closed","template":"","meta":{"_acf_changed":false,"footnotes":""},"class_list":["post-1184","page","type-page","status-publish","hentry"],"acf":[],"yoast_head":"<!-- This site is optimized with the Yoast SEO plugin v27.5 - https:\/\/yoast.com\/product\/yoast-seo-wordpress\/ -->\n<title>The firm | Wald Advogados<\/title>\n<meta name=\"description\" content=\"Estamos na vanguarda entre os escrit\u00f3rios altamente especializados, voltados \u00e0 resolu\u00e7\u00e3o personalizada de lit\u00edgios da mais elevada complexidade.\" \/>\n<meta name=\"robots\" content=\"index, follow, max-snippet:-1, max-image-preview:large, max-video-preview:-1\" \/>\n<link rel=\"canonical\" href=\"https:\/\/www.wald.com.br\/o-escritorio\/\" \/>\n<meta property=\"og:locale\" content=\"en_US\" \/>\n<meta property=\"og:type\" content=\"article\" \/>\n<meta property=\"og:title\" content=\"The firm | Wald Advogados\" \/>\n<meta property=\"og:description\" content=\"{:pb}Estamos na vanguarda entre os escrit\u00f3rios altamente especializados, voltados \u00e0 resolu\u00e7\u00e3o personalizada de lit\u00edgios da mais elevada complexidade.{:}\" \/>\n<meta property=\"og:url\" content=\"https:\/\/www.wald.com.br\/o-escritorio\/\" \/>\n<meta property=\"og:site_name\" content=\"Wald Advogados\" \/>\n<meta property=\"article:modified_time\" content=\"2023-12-15T21:30:37+00:00\" \/>\n<meta name=\"twitter:card\" content=\"summary_large_image\" \/>\n<meta name=\"twitter:label1\" content=\"Est. reading time\" \/>\n\t<meta name=\"twitter:data1\" content=\"2 minutes\" \/>\n<script type=\"application\/ld+json\" class=\"yoast-schema-graph\">{\"@context\":\"https:\\\/\\\/schema.org\",\"@graph\":[{\"@type\":\"WebPage\",\"@id\":\"https:\\\/\\\/www.wald.com.br\\\/o-escritorio\\\/\",\"url\":\"https:\\\/\\\/www.wald.com.br\\\/o-escritorio\\\/\",\"name\":\"The firm | Wald Advogados\",\"isPartOf\":{\"@id\":\"https:\\\/\\\/www.wald.com.br\\\/en\\\/#website\"},\"datePublished\":\"2020-09-01T19:01:19+00:00\",\"dateModified\":\"2023-12-15T21:30:37+00:00\",\"description\":\"{:pb}Estamos na vanguarda entre os escrit\u00f3rios altamente especializados, voltados \u00e0 resolu\u00e7\u00e3o personalizada de lit\u00edgios da mais elevada complexidade.{:}\",\"breadcrumb\":{\"@id\":\"https:\\\/\\\/www.wald.com.br\\\/o-escritorio\\\/#breadcrumb\"},\"inLanguage\":\"en-US\",\"potentialAction\":[{\"@type\":\"ReadAction\",\"target\":[\"https:\\\/\\\/www.wald.com.br\\\/o-escritorio\\\/\"]}]},{\"@type\":\"BreadcrumbList\",\"@id\":\"https:\\\/\\\/www.wald.com.br\\\/o-escritorio\\\/#breadcrumb\",\"itemListElement\":[{\"@type\":\"ListItem\",\"position\":1,\"name\":\"In\u00edcio\",\"item\":\"https:\\\/\\\/www.wald.com.br\\\/\"},{\"@type\":\"ListItem\",\"position\":2,\"name\":\"O escrit\u00f3rio\"}]},{\"@type\":\"WebSite\",\"@id\":\"https:\\\/\\\/www.wald.com.br\\\/en\\\/#website\",\"url\":\"https:\\\/\\\/www.wald.com.br\\\/en\\\/\",\"name\":\"Wald Advogados\",\"description\":\"66 years of leading law practice\",\"publisher\":{\"@id\":\"https:\\\/\\\/www.wald.com.br\\\/en\\\/#organization\"},\"potentialAction\":[{\"@type\":\"SearchAction\",\"target\":{\"@type\":\"EntryPoint\",\"urlTemplate\":\"https:\\\/\\\/www.wald.com.br\\\/en\\\/?s={search_term_string}\"},\"query-input\":{\"@type\":\"PropertyValueSpecification\",\"valueRequired\":true,\"valueName\":\"search_term_string\"}}],\"inLanguage\":\"en-US\"},{\"@type\":\"Organization\",\"@id\":\"https:\\\/\\\/www.wald.com.br\\\/en\\\/#organization\",\"name\":\"Wald, Antunes, Vita, Longo e Blattner Advogados\",\"url\":\"https:\\\/\\\/www.wald.com.br\\\/en\\\/\",\"logo\":{\"@type\":\"ImageObject\",\"inLanguage\":\"en-US\",\"@id\":\"https:\\\/\\\/www.wald.com.br\\\/en\\\/#\\\/schema\\\/logo\\\/image\\\/\",\"url\":\"https:\\\/\\\/www.wald.com.br\\\/wp-content\\\/uploads\\\/2020\\\/02\\\/Logo_Wald.png\",\"contentUrl\":\"https:\\\/\\\/www.wald.com.br\\\/wp-content\\\/uploads\\\/2020\\\/02\\\/Logo_Wald.png\",\"width\":5260,\"height\":2565,\"caption\":\"Wald, Antunes, Vita, Longo e Blattner Advogados\"},\"image\":{\"@id\":\"https:\\\/\\\/www.wald.com.br\\\/en\\\/#\\\/schema\\\/logo\\\/image\\\/\"},\"sameAs\":[\"https:\\\/\\\/www.linkedin.com\\\/company\\\/wald\"]}]}<\/script>\n<!-- \/ Yoast SEO plugin. -->","yoast_head_json":{"title":"The firm | Wald Advogados","description":"Estamos na vanguarda entre os escrit\u00f3rios altamente especializados, voltados \u00e0 resolu\u00e7\u00e3o personalizada de lit\u00edgios da mais elevada complexidade.","robots":{"index":"index","follow":"follow","max-snippet":"max-snippet:-1","max-image-preview":"max-image-preview:large","max-video-preview":"max-video-preview:-1"},"canonical":"https:\/\/www.wald.com.br\/o-escritorio\/","og_locale":"en_US","og_type":"article","og_title":"The firm | Wald Advogados","og_description":"{:pb}Estamos na vanguarda entre os escrit\u00f3rios altamente especializados, voltados \u00e0 resolu\u00e7\u00e3o personalizada de lit\u00edgios da mais elevada complexidade.{:}","og_url":"https:\/\/www.wald.com.br\/o-escritorio\/","og_site_name":"Wald Advogados","article_modified_time":"2023-12-15T21:30:37+00:00","twitter_card":"summary_large_image","twitter_misc":{"Est. reading time":"2 minutes"},"schema":{"@context":"https:\/\/schema.org","@graph":[{"@type":"WebPage","@id":"https:\/\/www.wald.com.br\/o-escritorio\/","url":"https:\/\/www.wald.com.br\/o-escritorio\/","name":"The firm | Wald Advogados","isPartOf":{"@id":"https:\/\/www.wald.com.br\/en\/#website"},"datePublished":"2020-09-01T19:01:19+00:00","dateModified":"2023-12-15T21:30:37+00:00","description":"{:pb}Estamos na vanguarda entre os escrit\u00f3rios altamente especializados, voltados \u00e0 resolu\u00e7\u00e3o personalizada de lit\u00edgios da mais elevada complexidade.{:}","breadcrumb":{"@id":"https:\/\/www.wald.com.br\/o-escritorio\/#breadcrumb"},"inLanguage":"en-US","potentialAction":[{"@type":"ReadAction","target":["https:\/\/www.wald.com.br\/o-escritorio\/"]}]},{"@type":"BreadcrumbList","@id":"https:\/\/www.wald.com.br\/o-escritorio\/#breadcrumb","itemListElement":[{"@type":"ListItem","position":1,"name":"In\u00edcio","item":"https:\/\/www.wald.com.br\/"},{"@type":"ListItem","position":2,"name":"O escrit\u00f3rio"}]},{"@type":"WebSite","@id":"https:\/\/www.wald.com.br\/en\/#website","url":"https:\/\/www.wald.com.br\/en\/","name":"Wald Advogados","description":"66 years of leading law practice","publisher":{"@id":"https:\/\/www.wald.com.br\/en\/#organization"},"potentialAction":[{"@type":"SearchAction","target":{"@type":"EntryPoint","urlTemplate":"https:\/\/www.wald.com.br\/en\/?s={search_term_string}"},"query-input":{"@type":"PropertyValueSpecification","valueRequired":true,"valueName":"search_term_string"}}],"inLanguage":"en-US"},{"@type":"Organization","@id":"https:\/\/www.wald.com.br\/en\/#organization","name":"Wald, Antunes, Vita, Longo e Blattner Advogados","url":"https:\/\/www.wald.com.br\/en\/","logo":{"@type":"ImageObject","inLanguage":"en-US","@id":"https:\/\/www.wald.com.br\/en\/#\/schema\/logo\/image\/","url":"https:\/\/www.wald.com.br\/wp-content\/uploads\/2020\/02\/Logo_Wald.png","contentUrl":"https:\/\/www.wald.com.br\/wp-content\/uploads\/2020\/02\/Logo_Wald.png","width":5260,"height":2565,"caption":"Wald, Antunes, Vita, Longo e Blattner Advogados"},"image":{"@id":"https:\/\/www.wald.com.br\/en\/#\/schema\/logo\/image\/"},"sameAs":["https:\/\/www.linkedin.com\/company\/wald"]}]}},"_links":{"self":[{"href":"https:\/\/www.wald.com.br\/en\/wp-json\/wp\/v2\/pages\/1184","targetHints":{"allow":["GET"]}}],"collection":[{"href":"https:\/\/www.wald.com.br\/en\/wp-json\/wp\/v2\/pages"}],"about":[{"href":"https:\/\/www.wald.com.br\/en\/wp-json\/wp\/v2\/types\/page"}],"author":[{"embeddable":true,"href":"https:\/\/www.wald.com.br\/en\/wp-json\/wp\/v2\/users\/1"}],"replies":[{"embeddable":true,"href":"https:\/\/www.wald.com.br\/en\/wp-json\/wp\/v2\/comments?post=1184"}],"version-history":[{"count":12,"href":"https:\/\/www.wald.com.br\/en\/wp-json\/wp\/v2\/pages\/1184\/revisions"}],"predecessor-version":[{"id":2196,"href":"https:\/\/www.wald.com.br\/en\/wp-json\/wp\/v2\/pages\/1184\/revisions\/2196"}],"wp:attachment":[{"href":"https:\/\/www.wald.com.br\/en\/wp-json\/wp\/v2\/media?parent=1184"}],"curies":[{"name":"wp","href":"https:\/\/api.w.org\/{rel}","templated":true}]}}